{"id":88,"date":"2023-10-22T19:04:04","date_gmt":"2023-10-22T16:04:04","guid":{"rendered":"https:\/\/trf.gov.tr?page_id=88"},"modified":"2023-10-22T19:04:04","modified_gmt":"2023-10-22T16:04:04","slug":"genel-kurullar","status":"publish","type":"page","link":"https:\/\/trf.gov.tr\/?page_id=88","title":{"rendered":"Genel Kurullar"},"content":{"rendered":"\n<h5 class=\"wp-block-heading\">2021 4. OLA\u011eAN GENEL KURUL<\/h5>\n\n\n\n<hr class=\"wp-block-separator has-alpha-channel-opacity\"\/>\n\n\n\n<p><a target=\"_blank\" href=\"https:\/\/shgm.gsb.gov.tr\/Public\/images\/SGM\/Federasyon\/30506GENEL%20KURUL%20%C3%87A%C4%9ERISI%20VE%20G%C3%9CNDEM-2021%20TRF-1.pdf\" rel=\"noreferrer noopener\">T\u00dcRK\u0130YE RAGB\u0130 FEDERASYONU BA\u015eKANLI\u011eI 4.OLA\u011eAN GENEL KURULU VE 4.MAL\u0130 GENEL KURULU \u00c7A\u011eRISI VE G\u00dcNDEM DUYURUSU<\/a><\/p>\n\n\n\n<p><a target=\"_blank\" href=\"https:\/\/shgm.gsb.gov.tr\/Public\/images\/SGM\/Federasyon\/24860adli_sicil_beyani-.pdf\" rel=\"noreferrer noopener\">T\u00dcRK\u0130YE RAGB\u0130 FEDERASYONU BA\u015eKAN ADAYI ADL\u0130 S\u0130C\u0130L KAYDI YAZILI BEYANI<\/a><\/p>\n\n\n\n<p><a target=\"_blank\" href=\"https:\/\/shgm.gsb.gov.tr\/Public\/images\/SGM\/Federasyon\/37333ragbi_federasyon_baskani_aday_teklif_beyani.pdf\" rel=\"noreferrer noopener\">T\u00dcRK\u0130YE RAGB\u0130 FEDERASYONU BA\u015eKAN ADAYI TEKL\u0130F BEYANI<\/a><\/p>\n\n\n\n<p><a target=\"_blank\" href=\"https:\/\/shgm.gsb.gov.tr\/Public\/images\/SGM\/Federasyon\/93749ragbi-baskan_adayi_kimlik_beyani.pdf\" rel=\"noreferrer noopener\">T\u00dcRK\u0130YE RAGB\u0130 FEDERASYONU BA\u015eKANLI\u011eI 4.OLA\u011eAN GENEL KURULU VE 4.MAL\u0130 GENEL KURULU BA\u015eKAN ADAYLI\u011eI B\u0130LG\u0130 FORMU<\/a><\/p>\n\n\n\n<p><a target=\"_blank\" href=\"https:\/\/shgm.gsb.gov.tr\/Public\/images\/SGM\/Federasyon\/78873Hak%20mahrumiyeti%20ceza_beyani.pdf\" rel=\"noreferrer noopener\">T\u00dcRK\u0130YE RAGB\u0130 FEDERASYONU BA\u015eKANLI\u011eI HAK MAHRUM\u0130YET\u0130 CEZASI YAZILI BEYANI<\/a><\/p>\n\n\n\n<p><a target=\"_blank\" href=\"https:\/\/shgm.gsb.gov.tr\/Public\/images\/SGM\/Federasyon\/56750BA%C5%9EKAN%20ADAYLI%C4%9EI%20%C4%B0LE%20%C4%B0LG%C4%B0L%C4%B0%20HUSUSLAR.pdf\" rel=\"noreferrer noopener\">T\u00dcRK\u0130YE RAGB\u0130 FEDERASYONU BA\u015eKANLI\u011eI 4.OLA\u011eAN GENEL KURULU VE 4.MAL\u0130 GENEL KURULU BA\u015eKAN ADAYLI\u011eI \u0130LE \u0130LG\u0130L\u0130 HUSUSLAR<\/a><\/p>\n\n\n\n<p><a target=\"_blank\" href=\"https:\/\/shgm.gsb.gov.tr\/Public\/images\/SGM\/Federasyon\/34908T%C3%9CRK%C4%B0YE%20RAGB%C4%B0%20FEDERASYONU%204.OLA%C4%9EAN%20GENEL%20KURUL%20VE%204.MAL%C4%B0%20GENEL%20KURUL%202021%20GE%C3%87%C4%B0C%C4%B0%20DELEGE%20L%C4%B0STES%C4%B0.pdf\" rel=\"noreferrer noopener\">T\u00dcRK\u0130YE RAGB\u0130 FEDERASYONU BA\u015eKANLI\u011eI 4.OLA\u011eAN GENEL KURULU VE 4.MAL\u0130 GENEL KURULU GE\u00c7\u0130C\u0130 DELEGE L\u0130STES\u0130<\/a><\/p>\n\n\n\n<p><a target=\"_blank\" href=\"https:\/\/shgm.gsb.gov.tr\/Public\/images\/SGM\/Federasyon\/56541K%C4%B0ML%C4%B0K%20NUMARASI%20BEYANI.pdf\" rel=\"noreferrer noopener\">T\u00dcRK\u0130YE RAGB\u0130 FEDERASYONU BA\u015eKANLI\u011eI 4.OLA\u011eAN GENEL KURULU VE 4.MAL\u0130 GENEL KURULU BA\u015eKAN ADAYLI\u011eI T.C K\u0130ML\u0130K NUMARASI BEYANI<\/a><\/p>\n\n\n\n<p><a target=\"_blank\" href=\"https:\/\/shgm.gsb.gov.tr\/Public\/images\/SGM\/Federasyon\/49322itiraz_dilek%C3%A7esi.pdf\" rel=\"noreferrer noopener\">T\u00dcRK\u0130YE RAGB\u0130 FEDERASYONU BA\u015eKANLI\u011eI 4.OLA\u011eAN GENEL KURULU VE 4.MAL\u0130 GENEL KURULU \u0130T\u0130RAZ<\/a><\/p>\n\n\n\n<p><a target=\"_blank\" href=\"https:\/\/shgm.gsb.gov.tr\/Public\/images\/SGM\/Federasyon\/47174DELEGE%20L%C4%B0STES%C4%B0--.pdf\" rel=\"noreferrer noopener\">T\u00dcRK\u0130YE RAGB\u0130 FEDERASYONU BA\u015eKANLI\u011eI 4.OLA\u011eAN GENEL KURUL VE 4.MAL\u0130 GENEL KURULU G\u00dcNCELLENM\u0130\u015e L\u0130STE<\/a><\/p>\n\n\n\n<p><a target=\"_blank\" href=\"https:\/\/shgm.gsb.gov.tr\/Public\/images\/SGM\/Federasyon\/98327T%C3%9CRK%C4%B0YE%20RAGB%C4%B0%20FEDERASYONU%202018-2019-2020-2021%20YILLARI%20DENETLEME%20KURULU%20RAPORLARI%20(1).pdf\" rel=\"noreferrer noopener\">2021 DENETLEME RAPORU-AYRINTILI B\u0130LAN\u00c7O-GEL\u0130R\/G\u0130DER TABLOSU<\/a><\/p>\n\n\n\n<p><a target=\"_blank\" href=\"https:\/\/shgm.gsb.gov.tr\/Public\/images\/SGM\/Federasyon\/25238T%C3%9CRK%C4%B0YE%20RAGB%C4%B0%20FEDERASYONU%202018-2019-2020-2021%20YILLARI%20DENETLEME%20KURULU%20RAPORLARI-sayfalar-8-14.pdf\" rel=\"noreferrer noopener\">2020 DENETLEME RAPORU-AYRINTILI B\u0130LAN\u00c7O-GEL\u0130R\/G\u0130DER TABLOSU<\/a><\/p>\n\n\n\n<p><a target=\"_blank\" href=\"https:\/\/shgm.gsb.gov.tr\/Public\/images\/SGM\/Federasyon\/26319T%C3%9CRK%C4%B0YE%20RAGB%C4%B0%20FEDERASYONU%202018-2019-2020-2021%20YILLARI%20DENETLEME%20KURULU%20RAPORLARI-sayfalar-15-21.pdf\" rel=\"noreferrer noopener\">2019 DENETLEME RAPORU-AYRINTILI B\u0130LAN\u00c7O-GEL\u0130R\/G\u0130DER TABLOSU<\/a><\/p>\n\n\n\n<p><a target=\"_blank\" href=\"https:\/\/shgm.gsb.gov.tr\/Public\/images\/SGM\/Federasyon\/78003T%C3%9CRK%C4%B0YE%20RAGB%C4%B0%20FEDERASYONU%202018-2019-2020-2021%20YILLARI%20DENETLEME%20KURULU%20RAPORLARI-sayfalar-22-28%20(1).pdf\" rel=\"noreferrer noopener\">2018 DENETLEME RAPORU-AYRINTILI B\u0130LAN\u00c7O-GEL\u0130R\/G\u0130DER TABLOSU<\/a><\/p>\n\n\n\n<p><a target=\"_blank\" href=\"https:\/\/shgm.gsb.gov.tr\/Public\/images\/SGM\/Federasyon\/97145T%C3%9CRK%C4%B0YE%20RAGB%C4%B0%20FEDERASYONU%202021%20TAHM%C4%B0N%C4%B0%20B%C3%9CT%C3%87E%20TASLA%C4%9EI%20(1).pdf\" rel=\"noreferrer noopener\">2021 B\u00dcT\u00c7E TASLA\u011eI<\/a><\/p>\n\n\n\n<p><a target=\"_blank\" href=\"https:\/\/shgm.gsb.gov.tr\/Public\/images\/SGM\/Federasyon\/39034T%C3%9CRK%C4%B0YE%20RAGB%C4%B0%20FEDERASYONU%20%202022%20TAHM%C4%B0N%C4%B0%20B%C3%9CT%C3%87E%20T.pdf\" rel=\"noreferrer noopener\">2022 B\u00dcT\u00c7E TASLA\u011eI<\/a><\/p>\n\n\n\n<p><a target=\"_blank\" href=\"https:\/\/shgm.gsb.gov.tr\/Public\/images\/SGM\/Federasyon\/430782019-Takvim.pdf\" rel=\"noreferrer noopener\">2019 FAL\u0130YET PROGRAMI<\/a><\/p>\n\n\n\n<p><a target=\"_blank\" href=\"https:\/\/shgm.gsb.gov.tr\/Public\/images\/SGM\/Federasyon\/2723895261ragbi_merged.pdf\" rel=\"noreferrer noopener\">2020 FAL\u0130YET PROGRAMI<\/a><\/p>\n\n\n\n<p><a target=\"_blank\" href=\"https:\/\/shgm.gsb.gov.tr\/Public\/images\/SGM\/Federasyon\/117972021%20FAAL%C4%B0YET%20PROGRAMI.pdf\" rel=\"noreferrer noopener\">2021 FAL\u0130YET PROGRAMI<\/a><\/p>\n\n\n\n<p><a target=\"_blank\" href=\"https:\/\/shgm.gsb.gov.tr\/Public\/images\/SGM\/Federasyon\/353212022%20TAHM%C4%B0N%C4%B0.pdf\" rel=\"noreferrer noopener\">2022 TAHM\u0130N\u0130 FAL\u0130YET PROGRAMI<\/a><\/p>\n\n\n\n<p><a target=\"_blank\" href=\"https:\/\/shgm.gsb.gov.tr\/Public\/images\/SGM\/Federasyon\/92076faal.pdf\" rel=\"noreferrer noopener\">FAL\u0130YET RAPORU<\/a><\/p>\n\n\n\n<p><a target=\"_blank\" href=\"http:\/\/www.trf.gov.tr\/uploads\/Dokumanlar\/baskan-adaylarina-onemli-duyuru.pdf\" rel=\"noreferrer noopener\">FEDERASYON BA\u015eKANI ADAY ADAYLARININ D\u0130KKAT\u0130NE<\/a><\/p>\n\n\n\n<p><a target=\"_blank\" href=\"https:\/\/shgm.gsb.gov.tr\/Public\/images\/SGM\/Federasyon\/37613KES%C4%B0NLE%C5%9EM%C4%B0%C5%9E%20DELEGE%20L%C4%B0STES%C4%B0.pdf\" rel=\"noreferrer noopener\">T\u00dcRK\u0130YE RAGB\u0130 FEDERASYONU 4.OLA\u011eAN GENEL KURUL VE 4. OLA\u011eAN MAL\u0130 GENEL KURUL KES\u0130NLE\u015eM\u0130\u015e DELEGE L\u0130STES\u0130<\/a><\/p>\n\n\n\n<p><a target=\"_blank\" href=\"http:\/\/www.trf.gov.tr\/uploads\/Dokumanlar\/hizli-tarama-30-10-2021-10_37.pdf\" rel=\"noreferrer noopener\">T\u00dcRK\u0130YE RAGB\u0130 FEDERASYONU 4.OLA\u011eAN GENEL KURULU VE 4.OLA\u011eAN MAL\u0130 GENEL KURULU SE\u00c7\u0130M TURANA\u011eI<\/a><\/p>\n\n\n\n<h5 class=\"wp-block-heading\">2018 Ola\u011fan Mali Genel Kurul<\/h5>\n\n\n\n<hr class=\"wp-block-separator has-alpha-channel-opacity\"\/>\n\n\n\n<p>Ola\u011fan Mali Genel Kurul Listesi&#8217;ne linke t\u0131klayarak ula\u015fabilirsiniz.<\/p>\n\n\n\n<p><strong><a href=\"http:\/\/www.trf.gov.tr\/uploads\/Dokumanlar\/MALI-GENEL-KURUL\/DIVAN-KURULU-RAPORU-2018.pdf\">&#8211; D\u0130VAN KURULU RAPORU-2018&nbsp;<\/a>&#8211; 30.11.2018<\/strong><\/p>\n\n\n\n<p><strong><a href=\"http:\/\/sgm.gsb.gov.tr\/Public\/images\/SGM\/Federasyon\/48691faaliyet%20raporu%20Y..pdf\">&#8211; TRF Y\u00d6NET\u0130M KURULU FAAL\u0130YET RAPORU &#8211;&nbsp;14.11.2018<\/a><\/strong><\/p>\n\n\n\n<p><strong><a href=\"http:\/\/www.trf.gov.tr\/uploads\/Dokumanlar\/MALI-GENEL-KURUL\/TRF-2018-MALI-GENEL-KURUL-KESIN-DELEGE-LISTESI.pdf\">&#8211; TRF 2018 MAL\u0130 GENEL KURUL KES\u0130N DELEGE L\u0130STES\u0130&nbsp;<\/a>&nbsp;&#8211; 12.11.2018<\/strong><\/p>\n\n\n\n<p><strong><a href=\"http:\/\/sgm.gsb.gov.tr\/Public\/images\/SGM\/Federasyon\/994102019%20%20Tahmini%20B%C3%BCt%C3%A7eli%20Faaliyet%20Program%C4%B1-converted.pdf\">&#8211; 2019 YILI TAHM\u0130N\u0130 B\u00dcT\u00c7E&nbsp;<\/a>&nbsp;09.11.2018<\/strong><\/p>\n\n\n\n<p><strong><a href=\"http:\/\/sgm.gsb.gov.tr\/Public\/images\/SGM\/Federasyon\/408292020%20%20Tahmini%20B%C3%BCt%C3%A7eli%20Faaliyet%20Program%C4%B1.pdf\">&#8211; 2020 YILI TAHM\u0130N\u0130 B\u00dcT\u00c7E&nbsp;<\/a>&nbsp;09.11.2018<\/strong><\/p>\n\n\n\n<p><strong><a href=\"http:\/\/sgm.gsb.gov.tr\/Public\/images\/SGM\/Federasyon\/177522020%20B%C3%BCt%C3%A7e%20Tasar%C4%B1s%C4%B1.pdf\">&#8211; 2020 YILI B\u00dcT\u00c7E TASARISI&nbsp;<\/a>&nbsp;09.11.2018<\/strong><\/p>\n\n\n\n<p><strong><a href=\"http:\/\/sgm.gsb.gov.tr\/Public\/images\/SGM\/Federasyon\/314182019%20%20Tahmini%20B%C3%BCt%C3%A7eli%20Faaliyet%20Program%C4%B1-converted.pdf\">&#8211; 2019 YILI B\u00dcT\u00c7E TASARISI&nbsp;<\/a>&nbsp;09.11.2018<\/strong><\/p>\n\n\n\n<p><strong><a href=\"http:\/\/sgm.gsb.gov.tr\/Public\/images\/SGM\/Federasyon\/777042018%20Bilan%C3%A7o.pdf\">&#8211; 2018 YILI BLAN\u00c7O&nbsp;<\/a>&nbsp;09.11.2018<\/strong><\/p>\n\n\n\n<p><strong><a href=\"http:\/\/sgm.gsb.gov.tr\/Public\/images\/SGM\/Federasyon\/395822017%20y%C4%B1l%C4%B1%20bilan%C3%A7osu.pdf\">&#8211; 2017 YILI BLAN\u00c7O&nbsp;<\/a>&nbsp;09.11.2018<\/strong><\/p>\n\n\n\n<p><strong><a href=\"http:\/\/sgm.gsb.gov.tr\/Public\/images\/SGM\/Federasyon\/294082018%20Gelir-Gider%20Tablosu.pdf\">&#8211; 2018 YILI GEL\u0130R-G\u0130DER TABLOSU&nbsp;<\/a>&nbsp;09.11.2018<\/strong><\/p>\n\n\n\n<p><strong><a href=\"http:\/\/sgm.gsb.gov.tr\/Public\/images\/SGM\/Federasyon\/370832017%20y%C4%B1l%C4%B1%20gelir-gider%20tablosu.pdf\">&#8211; 2017 YILI GEL\u0130R-G\u0130DER TABLOSU&nbsp;<\/a>&nbsp;09.11.2018<\/strong><\/p>\n\n\n\n<p><strong><a href=\"http:\/\/sgm.gsb.gov.tr\/Public\/images\/SGM\/Federasyon\/602812020%20%20RAGB%C4%B0%20FEDERASYONU%20FAAL%C4%B0YET%20TABLOSU.pdf\">&#8211; 2020 YILI FAAL\u0130YET TABLOSU&nbsp;<\/a>&nbsp;09.11.2018<\/strong><\/p>\n\n\n\n<p><strong><a href=\"http:\/\/sgm.gsb.gov.tr\/Public\/images\/SGM\/Federasyon\/137892019-RAGB%C4%B0-FEDERASYONU-FAAL%C4%B0YET-TABLOSU.pdf\">&#8211; 2019 YILI FAAL\u0130YET TABLOSU&nbsp;<\/a>&nbsp;09.11.2018<\/strong><\/p>\n\n\n\n<p><strong><a href=\"http:\/\/sgm.gsb.gov.tr\/Public\/images\/SGM\/Federasyon\/376292018%20Denetleme%20Kurulu%20Raporu.pdf\">&#8211; 2018 YILI DENETLEME RAPORU&nbsp;<\/a>&nbsp;09.11.2018<\/strong><\/p>\n\n\n\n<p><strong><a href=\"http:\/\/sgm.gsb.gov.tr\/Public\/images\/SGM\/Federasyon\/736332017%20Denetleme%20Kurulu%20Raporu.pdf\">&#8211; 2017 YILI DENETLEME RAPORU&nbsp;<\/a>&nbsp;09.11.2018<\/strong><\/p>\n\n\n\n<p><strong><a href=\"http:\/\/www.trf.gov.tr\/uploads\/Dokumanlar\/MALI-GENEL-KURUL\/MALI-GENEL-KURUL-RAGBI-2018.pdf\">&#8211; OLA\u011eAN MAL\u0130 GENEL KURULU GE\u00c7\u0130C\u0130 DELEGE L\u0130STES\u0130&nbsp;<\/a>&nbsp;30.10.2018<\/strong><\/p>\n\n\n\n<p><strong><a href=\"http:\/\/sgm.gsb.gov.tr\/Public\/images\/SGM\/Federasyon\/90851MAL%C4%B0%20GENEL%20KURUL%20G%C3%9CNDEM.doc\">&#8211; MAL\u0130 GENEL KURUL \u00c7A\u011eRISI ve G\u00dcNDEM&nbsp;<\/a>&nbsp;19.10.2018<\/strong><\/p>\n","protected":false},"excerpt":{"rendered":"<p>2021 4. OLA\u011eAN GENEL KURUL T\u00dcRK\u0130YE RAGB\u0130 FEDERASYONU BA\u015eKANLI\u011eI 4.OLA\u011eAN GENEL KURULU VE 4.MAL\u0130 GENEL KURULU \u00c7A\u011eRISI VE G\u00dcNDEM DUYURUSU<\/p>\n","protected":false},"author":1,"featured_media":0,"parent":0,"menu_order":0,"comment_status":"closed","ping_status":"closed","template":"","meta":{"footnotes":""},"class_list":["post-88","page","type-page","status-publish","hentry"],"wpmagazine_modules_lite_featured_media_urls":{"thumbnail":"","cvmm-medium":"","cvmm-medium-plus":"","cvmm-portrait":"","cvmm-medium-square":"","cvmm-large":"","cvmm-small":"","full":""},"categories_names":null,"comments_number":"0","_links":{"self":[{"href":"https:\/\/trf.gov.tr\/index.php?rest_route=\/wp\/v2\/pages\/88","targetHints":{"allow":["GET"]}}],"collection":[{"href":"https:\/\/trf.gov.tr\/index.php?rest_route=\/wp\/v2\/pages"}],"about":[{"href":"https:\/\/trf.gov.tr\/index.php?rest_route=\/wp\/v2\/types\/page"}],"author":[{"embeddable":true,"href":"https:\/\/trf.gov.tr\/index.php?rest_route=\/wp\/v2\/users\/1"}],"replies":[{"embeddable":true,"href":"https:\/\/trf.gov.tr\/index.php?rest_route=%2Fwp%2Fv2%2Fcomments&post=88"}],"version-history":[{"count":1,"href":"https:\/\/trf.gov.tr\/index.php?rest_route=\/wp\/v2\/pages\/88\/revisions"}],"predecessor-version":[{"id":89,"href":"https:\/\/trf.gov.tr\/index.php?rest_route=\/wp\/v2\/pages\/88\/revisions\/89"}],"wp:attachment":[{"href":"https:\/\/trf.gov.tr\/index.php?rest_route=%2Fwp%2Fv2%2Fmedia&parent=88"}],"curies":[{"name":"wp","href":"https:\/\/api.w.org\/{rel}","templated":true}]}}